{"id":273,"date":"2022-02-04T11:20:38","date_gmt":"2022-02-04T10:20:38","guid":{"rendered":"http:\/\/immobilex.it\/news\/"},"modified":"2022-02-22T12:34:37","modified_gmt":"2022-02-22T11:34:37","slug":"news","status":"publish","type":"page","link":"https:\/\/immobilex.it\/it\/news\/","title":{"rendered":"News"},"content":{"rendered":"<ul class=\"wp-block-latest-posts__list has-dates wp-block-latest-posts\"><li><a class=\"wp-block-latest-posts__post-title\" href=\"https:\/\/immobilex.it\/it\/detrazione-irpef\/\">detrazione IRPEF<\/a><time datetime=\"2025-12-01T16:52:16+01:00\" class=\"wp-block-latest-posts__post-date\">1. Dicembre 2025<\/time><div class=\"wp-block-latest-posts__post-excerpt\">La Legge di Bilancio 2025 prevede detrazioni fiscali per lavori di manutenzione, ristrutturazione e recupero, nonch\u00e9 per misure di riqualificazione energetica negli edifici. La detrazione \u00e8 pari al 50% per le spese sostenute dai titolari di un diritto di propriet\u00e0 o di un diritto reale di godimento sull\u2019unit\u00e0 immobiliare adibita ad abitazione principale mentre in\u2026 <a href=\"https:\/\/immobilex.it\/it\/detrazione-irpef\/\" rel=\"noopener noreferrer\">Leggi tutto<span class=\"screen-reader-text\">: detrazione IRPEF<\/span><\/a><\/div><\/li>\n<li><a class=\"wp-block-latest-posts__post-title\" href=\"https:\/\/immobilex.it\/it\/valutazione-rischio-impianto-idrico\/\">valutazione rischio impianto idrico<\/a><time datetime=\"2025-12-01T16:51:47+01:00\" class=\"wp-block-latest-posts__post-date\">1. Dicembre 2025<\/time><div class=\"wp-block-latest-posts__post-excerpt\">Il Decreto n. 18\/2023 sottolinea che gestore della distribuzione idrica interna \u00e8 l&#8217;amministratore di condominio, responsabile del sistema idro-potabile di distribuzione interno, collocato fra il punto di consegna e il punto d&#8217;uso dell&#8217;acqua, cio\u00e8 il punto di uscita dell&#8217;acqua destinata al consumo umano, da cui si pu\u00f2 attingere o utilizzare direttamente l&#8217;acqua, generalmente identificato nel\u2026 <a href=\"https:\/\/immobilex.it\/it\/valutazione-rischio-impianto-idrico\/\" rel=\"noopener noreferrer\">Leggi tutto<span class=\"screen-reader-text\">: valutazione rischio impianto idrico<\/span><\/a><\/div><\/li>\n<li><a class=\"wp-block-latest-posts__post-title\" href=\"https:\/\/immobilex.it\/it\/verande\/\">Verande<\/a><time datetime=\"2025-12-01T16:50:59+01:00\" class=\"wp-block-latest-posts__post-date\">1. Dicembre 2025<\/time><div class=\"wp-block-latest-posts__post-excerpt\">Il DPP 18.03.2025 n. 6 prevede all&#8217;art. 22 che ogni ccondomino possa richiedere permesso per una veranda al comune competente. Devono essere soddisfatti alcuni requisiti: 1) l&#8217;edificio esisteva gi\u00e0 prima del 4.9.2007; 2) non viene superata la superficie massima dell&#8217;8% della superficie lorda dell&#8217;appartamento; 3) vengono rispettati i valori energetici; 4) vengono rispettate le distanze\u2026 <a href=\"https:\/\/immobilex.it\/it\/verande\/\" rel=\"noopener noreferrer\">Leggi tutto<span class=\"screen-reader-text\">: Verande<\/span><\/a><\/div><\/li>\n<li><a class=\"wp-block-latest-posts__post-title\" href=\"https:\/\/immobilex.it\/it\/cedolare-secca-conduttore-impresa\/\">cedolare secca conduttore impresa<\/a><time datetime=\"2024-11-04T14:35:12+01:00\" class=\"wp-block-latest-posts__post-date\">4. Novembre 2024<\/time><div class=\"wp-block-latest-posts__post-excerpt\">Con la sentenza 7\/5\/24 n. 12395, la Suprema Corte ha stabilito che il regime sostitutivo di tassazione dei canoni derivanti dalla locazione di un immobile ad uso abitativo (c.d. cedolare secca) resta applicabile anche quando l\u2019inquilino sia una societ\u00e0 o un\u2019impresa, non essendo tale facolt\u00e0 impedita dall\u2019art. 3, comma 6, D.Lgs. n. 23 del 2011.\u2026 <a href=\"https:\/\/immobilex.it\/it\/cedolare-secca-conduttore-impresa\/\" rel=\"noopener noreferrer\">Leggi tutto<span class=\"screen-reader-text\">: cedolare secca conduttore impresa<\/span><\/a><\/div><\/li>\n<li><a class=\"wp-block-latest-posts__post-title\" href=\"https:\/\/immobilex.it\/it\/agevolazioni-ed-incentivi-nelledilizia-in-alto-adige\/\">agevolazioni ed incentivi nell&#8217;edilizia in Alto Adige<\/a><time datetime=\"2024-11-04T14:34:26+01:00\" class=\"wp-block-latest-posts__post-date\">4. Novembre 2024<\/time><div class=\"wp-block-latest-posts__post-excerpt\">Il contributo provinciale viene concesso in misura compresa tra il 40% e l&#8217;80% dei costi ammissibili, definiti nella delibera della Giunta provinciale (n. 1143 del 19\/12\/2023). \u00c8 verosimile che il contributo provinciale venga concesso anche nel 2025 (lo sapremo fine dicembre 2024). L&#8217;entit\u00e0 del contributo dipende dalla misura in questione, dal tipo di edificio e\u2026 <a href=\"https:\/\/immobilex.it\/it\/agevolazioni-ed-incentivi-nelledilizia-in-alto-adige\/\" rel=\"noopener noreferrer\">Leggi tutto<span class=\"screen-reader-text\">: agevolazioni ed incentivi nell&#8217;edilizia in Alto Adige<\/span><\/a><\/div><\/li>\n<li><a class=\"wp-block-latest-posts__post-title\" href=\"https:\/\/immobilex.it\/it\/legge-di-bilancio-2025-superbonus-65-detrazione-50-36\/\">legge di bilancio 2025 (superbonus 65%, detrazione 50%\/36%)<\/a><time datetime=\"2024-11-04T14:33:48+01:00\" class=\"wp-block-latest-posts__post-date\">4. Novembre 2024<\/time><div class=\"wp-block-latest-posts__post-excerpt\">Il&nbsp;DDL Bilancio 2025 \u00e8 arrivato alla Camera, e consta di 144 articoli che ovviamente il Parlamento potr\u00e0 perfezionare con la presentazione di specifici emendamenti per l&#8217;entrata in vigore dal 1\u00b0 gennaio 2025. A una prima &#8216;lettura&#8217; del testo, per specifico interesse dei professionisti tecnici e del comparto costruzione, segnaliamo l&#8217;articolo 8, dedicato alle\u00a0detrazioni per interventi\u2026 <a href=\"https:\/\/immobilex.it\/it\/legge-di-bilancio-2025-superbonus-65-detrazione-50-36\/\" rel=\"noopener noreferrer\">Leggi tutto<span class=\"screen-reader-text\">: legge di bilancio 2025 (superbonus 65%, detrazione 50%\/36%)<\/span><\/a><\/div><\/li>\n<li><a class=\"wp-block-latest-posts__post-title\" href=\"https:\/\/immobilex.it\/it\/aumento-della-cedolare-secca-dal-21-al-26\/\">Aumento della \u201ccedolare secca\u201d dal 21% al 26%<\/a><time datetime=\"2024-10-31T11:07:50+01:00\" class=\"wp-block-latest-posts__post-date\">31. Ottobre 2024<\/time><div class=\"wp-block-latest-posts__post-excerpt\">Dall\u201901\/01\/2024 la cedolare secca sugli affitti brevi aumenta dal 21% al 26% a partire dal secondo alloggio affittato con gli affitti brevi turistici<\/div><\/li>\n<li><a class=\"wp-block-latest-posts__post-title\" href=\"https:\/\/immobilex.it\/it\/dal-1-3-2024-aumento-ritenuta-spese-di-recupero-del-patrimonio-edilizio-riqualificazione-energetica\/\">Dal 1.3.2024 aumento ritenuta spese di recupero del patrimonio edilizio\/riqualificazione energetica<\/a><time datetime=\"2024-10-31T11:07:22+01:00\" class=\"wp-block-latest-posts__post-date\">31. Ottobre 2024<\/time><div class=\"wp-block-latest-posts__post-excerpt\">Informiamo che dall\u201901\/03\/2024 aumenta la ritenuta sui bonifici finalizzate al pagamento delle spese di recupero del patrimonio edilizio\/riqualificazione energetica dall\u20198% all\u201911%. Questo aumento comporta una novit\u00e0 per le imprese esecutrici di tali lavori, in quanto queste imprese si vedranno accreditare meno liquidit\u00e0 a fronte alle loro fatture emesse (l\u2019importo della ritenuta subita si porteranno nella\u2026 <a href=\"https:\/\/immobilex.it\/it\/dal-1-3-2024-aumento-ritenuta-spese-di-recupero-del-patrimonio-edilizio-riqualificazione-energetica\/\" rel=\"noopener noreferrer\">Leggi tutto<span class=\"screen-reader-text\">: Dal 1.3.2024 aumento ritenuta spese di recupero del patrimonio edilizio\/riqualificazione energetica<\/span><\/a><\/div><\/li>\n<li><a class=\"wp-block-latest-posts__post-title\" href=\"https:\/\/immobilex.it\/it\/rideterminazione-dei-valori-di-acquisto-dei-terreni-e-partecipazioni\/\">Rideterminazione dei valori di acquisto dei terreni e partecipazioni<\/a><time datetime=\"2024-10-31T11:06:54+01:00\" class=\"wp-block-latest-posts__post-date\">31. Ottobre 2024<\/time><div class=\"wp-block-latest-posts__post-excerpt\">Viene nuovamente prevista la possibilit\u00e0 di rivalutare terreni e partecipazioni (posseduti al 01\/01\/2024 da parte di persone fisiche non in regime d\u2019impresa e da societ\u00e0 semplici, nonch\u00e9 da enti non commerciali per le attivit\u00e0 non inerenti all\u2019attivit\u00e0 d\u2019impresa) dietro pagamento, entro il 30\/06\/2024, di un\u2019imposta sostitutiva nella misura del 16%. Tra i beni che possono\u2026 <a href=\"https:\/\/immobilex.it\/it\/rideterminazione-dei-valori-di-acquisto-dei-terreni-e-partecipazioni\/\" rel=\"noopener noreferrer\">Leggi tutto<span class=\"screen-reader-text\">: Rideterminazione dei valori di acquisto dei terreni e partecipazioni<\/span><\/a><\/div><\/li>\n<li><a class=\"wp-block-latest-posts__post-title\" href=\"https:\/\/immobilex.it\/it\/laggiornamento-dei-dati-catastali-in-seguito-ad-interventi-110\/\">L\u2019aggiornamento dei dati catastali in seguito ad interventi 110%<\/a><time datetime=\"2024-10-31T11:06:26+01:00\" class=\"wp-block-latest-posts__post-date\">31. Ottobre 2024<\/time><div class=\"wp-block-latest-posts__post-excerpt\">Facciamo presente che a seguito di interventi che implicano variazioni nella consistenza dell\u2019unit\u00e0 immobiliare oggetto dei lavori, \u00e8 richiesta la presentazione della \u201cdichiarazione di variazione dello stato dei beni\u201d di cui all\u2019art. 1, commi 1 e 2, Decreto Ministeriale n. 701\/94, la cui finalit\u00e0 \u00e8 quella di consentire l\u2019aggiornamento dei dati catastali con la situazione\u2026 <a href=\"https:\/\/immobilex.it\/it\/laggiornamento-dei-dati-catastali-in-seguito-ad-interventi-110\/\" rel=\"noopener noreferrer\">Leggi tutto<span class=\"screen-reader-text\">: L\u2019aggiornamento dei dati catastali in seguito ad interventi 110%<\/span><\/a><\/div><\/li>\n<\/ul>","protected":false},"excerpt":{"rendered":"","protected":false},"author":2,"featured_media":0,"parent":0,"menu_order":0,"comment_status":"closed","ping_status":"closed","template":"","meta":{"footnotes":""},"yoast_head":"<!-- This site is optimized with the Yoast SEO plugin v23.5 - https:\/\/yoast.com\/wordpress\/plugins\/seo\/ -->\n<title>News - immobiLex<\/title>\n<meta name=\"robots\" content=\"index, follow, max-snippet:-1, max-image-preview:large, max-video-preview:-1\" \/>\n<link rel=\"canonical\" href=\"https:\/\/immobilex.it\/it\/news\/\" \/>\n<meta property=\"og:locale\" content=\"it_IT\" \/>\n<meta property=\"og:type\" content=\"article\" \/>\n<meta property=\"og:title\" content=\"News - immobiLex\" \/>\n<meta property=\"og:url\" content=\"https:\/\/immobilex.it\/it\/news\/\" \/>\n<meta property=\"og:site_name\" content=\"immobiLex\" \/>\n<meta property=\"article:modified_time\" content=\"2022-02-22T11:34:37+00:00\" \/>\n<meta name=\"twitter:card\" content=\"summary_large_image\" \/>\n<script type=\"application\/ld+json\" class=\"yoast-schema-graph\">{\"@context\":\"https:\/\/schema.org\",\"@graph\":[{\"@type\":\"WebPage\",\"@id\":\"https:\/\/immobilex.it\/it\/news\/\",\"url\":\"https:\/\/immobilex.it\/it\/news\/\",\"name\":\"News - immobiLex\",\"isPartOf\":{\"@id\":\"https:\/\/immobilex.it\/it\/#website\"},\"datePublished\":\"2022-02-04T10:20:38+00:00\",\"dateModified\":\"2022-02-22T11:34:37+00:00\",\"breadcrumb\":{\"@id\":\"https:\/\/immobilex.it\/it\/news\/#breadcrumb\"},\"inLanguage\":\"it-IT\",\"potentialAction\":[{\"@type\":\"ReadAction\",\"target\":[\"https:\/\/immobilex.it\/it\/news\/\"]}]},{\"@type\":\"BreadcrumbList\",\"@id\":\"https:\/\/immobilex.it\/it\/news\/#breadcrumb\",\"itemListElement\":[{\"@type\":\"ListItem\",\"position\":1,\"name\":\"Startseite\",\"item\":\"https:\/\/immobilex.it\/it\/gestiamo-la-vostra-proprieta\/\"},{\"@type\":\"ListItem\",\"position\":2,\"name\":\"News\"}]},{\"@type\":\"WebSite\",\"@id\":\"https:\/\/immobilex.it\/it\/#website\",\"url\":\"https:\/\/immobilex.it\/it\/\",\"name\":\"immobiLex\",\"description\":\"Wir verwalten Ihre Immobilie!\",\"publisher\":{\"@id\":\"https:\/\/immobilex.it\/it\/#organization\"},\"potentialAction\":[{\"@type\":\"SearchAction\",\"target\":{\"@type\":\"EntryPoint\",\"urlTemplate\":\"https:\/\/immobilex.it\/it\/?s={search_term_string}\"},\"query-input\":{\"@type\":\"PropertyValueSpecification\",\"valueRequired\":true,\"valueName\":\"search_term_string\"}}],\"inLanguage\":\"it-IT\"},{\"@type\":\"Organization\",\"@id\":\"https:\/\/immobilex.it\/it\/#organization\",\"name\":\"immobiLex\",\"url\":\"https:\/\/immobilex.it\/it\/\",\"logo\":{\"@type\":\"ImageObject\",\"inLanguage\":\"it-IT\",\"@id\":\"https:\/\/immobilex.it\/it\/#\/schema\/logo\/image\/\",\"url\":\"http:\/\/immobilex.it\/wp-content\/uploads\/2022\/02\/immobilex-logo-1.jpg\",\"contentUrl\":\"http:\/\/immobilex.it\/wp-content\/uploads\/2022\/02\/immobilex-logo-1.jpg\",\"width\":320,\"height\":68,\"caption\":\"immobiLex\"},\"image\":{\"@id\":\"https:\/\/immobilex.it\/it\/#\/schema\/logo\/image\/\"}}]}<\/script>\n<!-- \/ Yoast SEO plugin. -->","yoast_head_json":{"title":"News - immobiLex","robots":{"index":"index","follow":"follow","max-snippet":"max-snippet:-1","max-image-preview":"max-image-preview:large","max-video-preview":"max-video-preview:-1"},"canonical":"https:\/\/immobilex.it\/it\/news\/","og_locale":"it_IT","og_type":"article","og_title":"News - immobiLex","og_url":"https:\/\/immobilex.it\/it\/news\/","og_site_name":"immobiLex","article_modified_time":"2022-02-22T11:34:37+00:00","twitter_card":"summary_large_image","schema":{"@context":"https:\/\/schema.org","@graph":[{"@type":"WebPage","@id":"https:\/\/immobilex.it\/it\/news\/","url":"https:\/\/immobilex.it\/it\/news\/","name":"News - immobiLex","isPartOf":{"@id":"https:\/\/immobilex.it\/it\/#website"},"datePublished":"2022-02-04T10:20:38+00:00","dateModified":"2022-02-22T11:34:37+00:00","breadcrumb":{"@id":"https:\/\/immobilex.it\/it\/news\/#breadcrumb"},"inLanguage":"it-IT","potentialAction":[{"@type":"ReadAction","target":["https:\/\/immobilex.it\/it\/news\/"]}]},{"@type":"BreadcrumbList","@id":"https:\/\/immobilex.it\/it\/news\/#breadcrumb","itemListElement":[{"@type":"ListItem","position":1,"name":"Startseite","item":"https:\/\/immobilex.it\/it\/gestiamo-la-vostra-proprieta\/"},{"@type":"ListItem","position":2,"name":"News"}]},{"@type":"WebSite","@id":"https:\/\/immobilex.it\/it\/#website","url":"https:\/\/immobilex.it\/it\/","name":"immobiLex","description":"Wir verwalten Ihre Immobilie!","publisher":{"@id":"https:\/\/immobilex.it\/it\/#organization"},"potentialAction":[{"@type":"SearchAction","target":{"@type":"EntryPoint","urlTemplate":"https:\/\/immobilex.it\/it\/?s={search_term_string}"},"query-input":{"@type":"PropertyValueSpecification","valueRequired":true,"valueName":"search_term_string"}}],"inLanguage":"it-IT"},{"@type":"Organization","@id":"https:\/\/immobilex.it\/it\/#organization","name":"immobiLex","url":"https:\/\/immobilex.it\/it\/","logo":{"@type":"ImageObject","inLanguage":"it-IT","@id":"https:\/\/immobilex.it\/it\/#\/schema\/logo\/image\/","url":"http:\/\/immobilex.it\/wp-content\/uploads\/2022\/02\/immobilex-logo-1.jpg","contentUrl":"http:\/\/immobilex.it\/wp-content\/uploads\/2022\/02\/immobilex-logo-1.jpg","width":320,"height":68,"caption":"immobiLex"},"image":{"@id":"https:\/\/immobilex.it\/it\/#\/schema\/logo\/image\/"}}]}},"_links":{"self":[{"href":"https:\/\/immobilex.it\/it\/wp-json\/wp\/v2\/pages\/273"}],"collection":[{"href":"https:\/\/immobilex.it\/it\/wp-json\/wp\/v2\/pages"}],"about":[{"href":"https:\/\/immobilex.it\/it\/wp-json\/wp\/v2\/types\/page"}],"author":[{"embeddable":true,"href":"https:\/\/immobilex.it\/it\/wp-json\/wp\/v2\/users\/2"}],"replies":[{"embeddable":true,"href":"https:\/\/immobilex.it\/it\/wp-json\/wp\/v2\/comments?post=273"}],"version-history":[{"count":8,"href":"https:\/\/immobilex.it\/it\/wp-json\/wp\/v2\/pages\/273\/revisions"}],"predecessor-version":[{"id":445,"href":"https:\/\/immobilex.it\/it\/wp-json\/wp\/v2\/pages\/273\/revisions\/445"}],"wp:attachment":[{"href":"https:\/\/immobilex.it\/it\/wp-json\/wp\/v2\/media?parent=273"}],"curies":[{"name":"wp","href":"https:\/\/api.w.org\/{rel}","templated":true}]}}